{"version":"1.0","provider_name":"Macus meg \u00e9n","provider_url":"https:\/\/macus.cafeblog.hu","author_name":"amilgade","author_url":"https:\/\/macus.cafeblog.hu\/author\/amilgade\/","title":"Rajzok, ceruz\u00e1k, rad\u00edrok","html":"<P>&nbsp;Macusnak 1 h\u00f3napja ceruz\u00e1t adtunk a kez\u00e9be, \u00e9s anyuk\u00e1ja megmutatta a kb. ovis rajztehets\u00e9g\u00e9t. :-) :-) Na az\u00f3ta rajzolunk...mindent!<\/P>\r\n<P>Falat p\u00e9ld\u00e1ul, vagy asztalt, sz\u00e9ket, \u00fcl\u0151garnitur\u00e1t, vagy csak egyszer\u0171en a rajzlapot, de az nem annyira \u00e9rdekes. Viszont rajzolva megtanulta a form\u00e1kat, \u00e9s kezdi a sz\u00edneket is, pedig ezek id\u00e1ig komoly fejt\u00f6r\u00e9st okoztak a magzatomnak! :-)<\/P>\r\n<P>Reggelente mutatja \u00e9s mondja, hogy k\u00e9ri a ceruz\u00e1it, \u00e9s bab\u00e1t kell rajzolni neki. S\u0151t reggelizni is ceruz\u00e1kkal megy\u00fcnk, mert annyira!!!!! j\u00f3 beleturk\u00e1lni vele az \u00e9telbe!!!! <\/P>\r\n<P>Csak a lak\u00e1sunk, illetve a berendez\u00e9s nem fogja t\u00fal\u00e9lni a m\u0171v\u00e9szi hajlamait. <\/P>","type":"rich"}